{"id":1851,"date":"2026-04-17T06:27:31","date_gmt":"2026-04-17T06:27:31","guid":{"rendered":"https:\/\/roomslaspezia.dueclic.eu\/pagina-ringraziamento\/"},"modified":"2026-04-17T06:54:54","modified_gmt":"2026-04-17T06:54:54","slug":"page-de-remerciements","status":"publish","type":"page","link":"https:\/\/roomsinlaspezia.com\/fr\/page-de-remerciements\/","title":{"rendered":"Page de remerciements"},"content":{"rendered":"\t\t<div data-elementor-type=\"wp-page\" data-elementor-id=\"1851\" class=\"elementor elementor-1851 elementor-1831\" data-elementor-post-type=\"page\">\n\t\t\t\t<div class=\"elementor-element elementor-element-120f482 e-flex e-con-boxed e-con e-parent\" data-id=\"120f482\" data-element_type=\"container\" data-e-type=\"container\">\n\t\t\t\t\t<div class=\"e-con-inner\">\n\t\t<div class=\"elementor-element elementor-element-5a9d57d e-con-full e-flex e-con e-child\" data-id=\"5a9d57d\" data-element_type=\"container\" data-e-type=\"container\">\n\t\t\t\t<div class=\"elementor-element elementor-element-f7ba74b elementor-widget elementor-widget-heading\" data-id=\"f7ba74b\" data-element_type=\"widget\" data-e-type=\"widget\" data-widget_type=\"heading.default\">\n\t\t\t\t\t<h2 class=\"elementor-heading-title elementor-size-default\"> Message re\u00e7u !<\/h2>\t\t\t\t<\/div>\n\t\t\t\t<div class=\"elementor-element elementor-element-aac35ac elementor-widget elementor-widget-text-editor\" data-id=\"aac35ac\" data-element_type=\"widget\" data-e-type=\"widget\" data-widget_type=\"text-editor.default\">\n\t\t\t\t\t\t\t\t\t<p class=\"font-claude-response-body break-words whitespace-normal leading-[1.7]\">Merci de nous avoir \u00e9crit. Simone et Elisa ont bien re\u00e7u votre demande et vous r\u00e9pondront dans les 24 heures \u2014 en g\u00e9n\u00e9ral bien plus vite.<\/p><p class=\"font-claude-response-body break-words whitespace-normal leading-[1.7]\">En attendant, n&rsquo;h\u00e9sitez pas \u00e0 d\u00e9couvrir nos chambres ou \u00e0 explorer ce qui vous attend \u00e0 La Spezia.<\/p>\t\t\t\t\t\t\t\t<\/div>\n\t\t\t\t<div class=\"elementor-element elementor-element-e7e9103 elementor-align-center elementor-widget__width-inherit elementor-widget elementor-widget-button\" data-id=\"e7e9103\" data-element_type=\"widget\" data-e-type=\"widget\" data-widget_type=\"button.default\">\n\t\t\t\t\t\t\t\t\t\t<a class=\"elementor-button elementor-button-link elementor-size-sm\" href=\"https:\/\/roomsinlaspezia.com\/fr\/chambres\/\">\n\t\t\t\t\t\t<span class=\"elementor-button-content-wrapper\">\n\t\t\t\t\t\t\t\t\t<span class=\"elementor-button-text\">D\u00e9couvrir les chambres<\/span>\n\t\t\t\t\t<\/span>\n\t\t\t\t\t<\/a>\n\t\t\t\t\t\t\t\t<\/div>\n\t\t\t\t<\/div>\n\t\t<div class=\"elementor-element elementor-element-8787f37 e-con-full e-flex e-con e-child\" data-id=\"8787f37\" data-element_type=\"container\" data-e-type=\"container\">\n\t\t\t\t<div class=\"elementor-element elementor-element-19e52a4 elementor-widget elementor-widget-image\" data-id=\"19e52a4\" data-element_type=\"widget\" data-e-type=\"widget\" data-widget_type=\"image.default\">\n\t\t\t\t\t\t\t\t\t\t\t\t\t\t\t<img fetchpriority=\"high\" decoding=\"async\" width=\"800\" height=\"600\" src=\"https:\/\/roomsinlaspezia.com\/wp-content\/uploads\/2026\/04\/simone-elisa-affitta-camere-golfo-1024x768.jpg\" class=\"attachment-large size-large wp-image-1849\" alt=\"\" srcset=\"https:\/\/roomsinlaspezia.com\/wp-content\/uploads\/2026\/04\/simone-elisa-affitta-camere-golfo-1024x768.jpg 1024w, https:\/\/roomsinlaspezia.com\/wp-content\/uploads\/2026\/04\/simone-elisa-affitta-camere-golfo-300x225.jpg 300w, https:\/\/roomsinlaspezia.com\/wp-content\/uploads\/2026\/04\/simone-elisa-affitta-camere-golfo-768x576.jpg 768w, https:\/\/roomsinlaspezia.com\/wp-content\/uploads\/2026\/04\/simone-elisa-affitta-camere-golfo-1536x1152.jpg 1536w, https:\/\/roomsinlaspezia.com\/wp-content\/uploads\/2026\/04\/simone-elisa-affitta-camere-golfo.jpg 2040w\" sizes=\"(max-width: 800px) 100vw, 800px\" \/>\t\t\t\t\t\t\t\t\t\t\t\t\t\t\t<\/div>\n\t\t\t\t<\/div>\n\t\t\t\t\t<\/div>\n\t\t\t\t<\/div>\n\t\t<div class=\"elementor-element elementor-element-2d0ce25 e-con-full e-flex e-con e-parent\" data-id=\"2d0ce25\" data-element_type=\"container\" data-e-type=\"container\">\n\t\t\t\t<\/div>\n\t\t<div class=\"elementor-element elementor-element-16278d43 e-flex e-con-boxed e-con e-parent\" data-id=\"16278d43\" data-element_type=\"container\" data-e-type=\"container\">\n\t\t\t\t\t<div class=\"e-con-inner\">\n\t\t\t\t\t<\/div>\n\t\t\t\t<\/div>\n\t\t\t\t<\/div>\n\t\t","protected":false},"excerpt":{"rendered":"<p>Message re\u00e7u ! Merci de nous avoir \u00e9crit. Simone et Elisa ont bien re\u00e7u votre demande et vous r\u00e9pondront dans les 24 heures \u2014 en g\u00e9n\u00e9ral bien plus vite. En attendant, n&rsquo;h\u00e9sitez pas \u00e0 d\u00e9couvrir nos chambres ou \u00e0 explorer ce qui vous attend \u00e0 La Spezia. D\u00e9couvrir les chambres<\/p>\n","protected":false},"author":1,"featured_media":0,"parent":0,"menu_order":0,"comment_status":"closed","ping_status":"closed","template":"","meta":{"_acf_changed":false,"_joinchat":[],"footnotes":""},"class_list":["post-1851","page","type-page","status-publish","hentry"],"acf":[],"_links":{"self":[{"href":"https:\/\/roomsinlaspezia.com\/fr\/wp-json\/wp\/v2\/pages\/1851","targetHints":{"allow":["GET"]}}],"collection":[{"href":"https:\/\/roomsinlaspezia.com\/fr\/wp-json\/wp\/v2\/pages"}],"about":[{"href":"https:\/\/roomsinlaspezia.com\/fr\/wp-json\/wp\/v2\/types\/page"}],"author":[{"embeddable":true,"href":"https:\/\/roomsinlaspezia.com\/fr\/wp-json\/wp\/v2\/users\/1"}],"replies":[{"embeddable":true,"href":"https:\/\/roomsinlaspezia.com\/fr\/wp-json\/wp\/v2\/comments?post=1851"}],"version-history":[{"count":7,"href":"https:\/\/roomsinlaspezia.com\/fr\/wp-json\/wp\/v2\/pages\/1851\/revisions"}],"predecessor-version":[{"id":1871,"href":"https:\/\/roomsinlaspezia.com\/fr\/wp-json\/wp\/v2\/pages\/1851\/revisions\/1871"}],"wp:attachment":[{"href":"https:\/\/roomsinlaspezia.com\/fr\/wp-json\/wp\/v2\/media?parent=1851"}],"curies":[{"name":"wp","href":"https:\/\/api.w.org\/{rel}","templated":true}]}}